{"id":325935,"date":"2021-09-21T08:22:41","date_gmt":"2021-09-21T06:22:41","guid":{"rendered":"https:\/\/equi-libre.fr\/sejours-a-cheval\/"},"modified":"2025-11-28T15:31:08","modified_gmt":"2025-11-28T14:31:08","slug":"sejours-a-cheval","status":"publish","type":"page","link":"https:\/\/equi-libre.fr\/en\/sejours-a-cheval\/","title":{"rendered":"S\u00e9jours \u00e0 cheval"},"content":{"rendered":"\n\n\t\t\t<h1>S\u00c9JOURS \u00c0 CHEVAL<\/h1>\t\t\t\n\t\t\t\t<h2>l&#8217;aventure se mesure \u00e0 l&#8217;aune de nos r\u00eaves<\/h2>\n<h2>\n\t\tLES ESCAPADES\n\t\tPYR\u00c9N\u00c9ENNES\n\t\t\t\t<\/h2>\t\n\t<p>Voyagez en compagnie de chevaux partenaires que nous respectons, donc sans fers et sans mors, en compagnie de chevaux bien dans leur t\u00eate qui vivent leur quotidien sur des centaines d&#8217;hectares. D\u00e9couvrez des paysages uniques dans une d\u00e9marche <a href=\"https:\/\/equi-libre.fr\/eco-responsable\/\">\u00e9co responsable<\/a>.<\/p>\n\t<h3>\n\t\t\t\tD\u00c9SERT DU CARLIT\n\t\t\t<\/h3>\n\t<h4>\n\t\t\t\tR\u00e9sum\u00e9\n\t\t\t<\/h4>\n\t<ul>\n\t\t<li>\t\t\t\t\n\t\t<p><strong>Trois jours pleins d&#8217;\u00e9motions<\/strong>, de d\u00e9couvertes, de pleine nature. Randonn\u00e9e \u00e9questre traversant les villages typiques de Cerdagne dans le Parc naturel des Pyr\u00e9n\u00e9es Catalanes. Vall\u00e9e de Font Vives et ses lacs, les plateaux d&#8217;altitude du d\u00e9sert du Carlit, le village de Dorres et ses bains romains, la vall\u00e9e du CarolEscapade r\u00e9g\u00e9n\u00e9ratrice pleine d&#8217;\u00e9nergie, une \u00e9quitation douce, un cadeau de la montagne.<\/p><\/li>\t<\/ul>\n\t\t\t\t\t\t\t\t\t\t15 au 17 juin\t\t\t\t\t\t\t\t\t\n\t\t\tDISPO\n\t\t\t\t\t\t\t\t\t<p>2026<\/p>\t\t\t\t\t\t\t\t\n\t\t\tDISPO\n\t\t\t\t\t\t\t\t\t\t19 au 21 juin\t\t\t\t\t\t\t\t\t\n\t\t\tDISPO\n\t\t\t\t\t\t\t\t\t<p>2026<\/p>\t\t\t\t\t\t\t\t\n\t\t\tDISPO\n\t\t\t\t\t\t\t\t\t\t10 au 12 juillet\t\t\t\t\t\t\t\t\t\n\t\t\tDISPO\n\t\t\t\t\t\t\t\t\t<p>2026<\/p>\t\t\t\t\t\t\t\t\n\t\t\tDISPO\n\t\t\t\t\t\t\t\t\t\t24 au 26 juillet\t\t\t\t\t\t\t\t\t\n\t\t\tDISPO\n\t\t\t\t\t\t\t\t\t<p>2026<\/p>\t\t\t\t\t\t\t\t\n\t\t\tDISPO\n\t\t\t\t\t\t\t\t\t\t08 au 10 ao\u00fbt\t\t\t\t\t\t\t\t\t\n\t\t\tDISPO\n\t\t\t\t\t\t\t\t\t<p>2026<\/p>\t\t\t\t\t\t\t\t\n\t\t\tDISPO\n\t\t\t\t\t\t\t\t\t\t04 au 06 septembre\t\t\t\t\t\t\t\t\t\n\t\t\tDISPO\n\t\t\t\t\t\t\t\t\t<p>2026<\/p>\t\t\t\t\t\t\t\t\n\t\t\tDISPO\n\t\t\t<a href=\"#\" target=\"_self\"  aria-label=\"D\u00c9TAILS\">\n\t\t\t\t\t\t\t\tD\u00c9TAILS \n\t\t\t\t\t\t\t<\/a>\n\t\t\t<a href=\"tel:+33468045942\" target=\"_self\"  aria-label=\"NOUS T\u00c9L\u00c9PHONER\">\n\t\t\t\t\t\t\t\tNOUS T\u00c9L\u00c9PHONER\n\t\t\t\t\t\t\t<\/a>\n\t\t<h5>ID hors toile<\/h5>\n\t\tCliquez ici pour modifier les param\u00e8tres &quot;Hors toile&quot;. Ce texte ne sera pas visible sur le frontend.\t\n\t\t\t\t\t\t\t<p><strong>Pour recevoir la doc compl\u00e8te merci d&#8217;\u00e9crire \u00e0 <a href=\"mailto:info@equi-libre.fr\">info@equi-libre.fr<\/a><\/strong><\/p>\n\t<h3>\n\t\t\t\tLAC LANOUX &#8211; D\u00c9SERT DU CARLIT\n\t\t\t<\/h3>\n\t<h4>\n\t\t\t\tR\u00e9sum\u00e9\n\t\t\t<\/h4>\n\t<ul>\n\t\t<li>\t\t\t\t\n\t\t<p><strong>Cinq jours des lacs du Lanoux, de font Vives et du Passet <\/strong>au confins du d\u00e9sert du Carlit. La vertigineuse vall\u00e9e d&#8217;Angoustrine, les r\u00e9confortants bains de Dorres le balcon Cerdan et la vall\u00e9e du Carol. Une escapade o\u00f9 le passage de chaque col est un moment magique.Recommand\u00e9\u00a0!<\/p><\/li>\t<\/ul>\n\t\t\t\t\t\t\t\t\t\t02 au 06 juillet\t\t\t\t\t\t\t\t\t\n\t\t\tDISPO\n\t\t\t\t\t\t\t\t\t<p>2026<\/p>\t\t\t\t\t\t\t\t\n\t\t\tDISPO\n\t\t\t\t\t\t\t\t\t\t22 au 26 ao\u00fbt\t\t\t\t\t\t\t\t\t\n\t\t\tDISPO\n\t\t\t\t\t\t\t\t\t<p>2026<\/p>\t\t\t\t\t\t\t\t\n\t\t\tDISPO\n\t\t\t<a href=\"#\" target=\"_self\"  aria-label=\"D\u00c9TAILS\">\n\t\t\t\t\t\t\t\tD\u00c9TAILS \n\t\t\t\t\t\t\t<\/a>\n\t\t\t<a href=\"tel:+33468045942\" target=\"_self\"  aria-label=\"NOUS T\u00c9L\u00c9PHONER\">\n\t\t\t\t\t\t\t\tNOUS T\u00c9L\u00c9PHONER\n\t\t\t\t\t\t\t<\/a>\n\t\t<h5>ID hors toile<\/h5>\n\t\tCliquez ici pour modifier les param\u00e8tres &quot;Hors toile&quot;. Ce texte ne sera pas visible sur le frontend.\t\n\t\t\t\t\t\t\t<p><strong>Pour recevoir la doc compl\u00e8te merci d&#8217;\u00e9crire \u00e0 <\/strong><a href=\"mailto:info@equi-libre.fr\"><strong>info@equi-libre.fr<\/strong><\/a><\/p>\n\t<h3>\n\t\t\t\tFRANCE &#8211; ESPAGNE\n\t\t\t<\/h3>\n\t<h4>\n\t\t\t\tR\u00e9sum\u00e9\n\t\t\t<\/h4>\n\t<ul>\n\t\t<li>\t\t\t\t\n\t\t<p><strong>Six jours plein de randonn\u00e9e \u00e9questre en traversant le Parc naturel des Pyr\u00e9n\u00e9es catalanes. <\/strong>Cette randonn\u00e9e est aussi l&#8217;occasion de d\u00e9couvrir la Vall\u00e9e de font vives, le d\u00e9sert du Carlit, le balcon cerdan espagnol&#8230; Une escapade r\u00e9g\u00e9n\u00e9ratrice pleine d&#8217;\u00e9nergie, un cadeau de la montagne. Prenez l&#8217;air !<\/p><\/li>\t<\/ul>\n\t\t\t\t\t\t\t\t\t\tDu 15 au 20 juillet 2026\t\t\t\t\t\t\t\t\t\n\t\t\tDISPO\n\t\t\tDISPO\n\t\t\t<a href=\"#\" target=\"_self\"  aria-label=\"D\u00c9TAILS\">\n\t\t\t\t\t\t\t\tD\u00c9TAILS \n\t\t\t\t\t\t\t<\/a>\n\t\t\t<a href=\"tel:+33468045942\" target=\"_self\"  aria-label=\"NOUS T\u00c9L\u00c9PHONER\">\n\t\t\t\t\t\t\t\tNOUS T\u00c9L\u00c9PHONER\n\t\t\t\t\t\t\t<\/a>\n\t\t<h5>ID hors toile<\/h5>\n\t\tCliquez ici pour modifier les param\u00e8tres &quot;Hors toile&quot;. Ce texte ne sera pas visible sur le frontend.\t\n\t\t\t\t\t\t\t<p>Pour recevoir la doc compl\u00e8te merci d&#8217;\u00e9crire \u00e0 <a href=\"mailto:info@equi-libre.fr\">info@equi-libre.fr<\/a><\/p>\n<h2>\n\t\tRANDO\n\t\tJEUNES 12\/16 ans\n\t\t\t\t<\/h2>\t\n\t<h4>\n\t\t\t\tR\u00e9sum\u00e9\n\t\t\t<\/h4>\n\t<ul>\n\t\t<li>\t\t\t\t\n\t\t<p>Apprendre \u00e0 g\u00e9rer son cheval durant une randonn\u00e9e \u00e9questre pleine nature dans l&#8217;est pyr\u00e9n\u00e9en, avec une partie du parcours en Espagne. Vivre une v\u00e9ritable aventure \u00e9questre avec des cavaliers pr\u00eats \u00e0 d\u00e9couvrir en votre compagnie les ambiances de galops et de soir\u00e9es inoubliables Les chevaux vous emportent vers des passages \u00e0 plus de 2000m d&#8217;altitude ! \u00c0 d\u00e9couvrir.De v\u00e9ritables professionnels de l&#8217;\u00e9quitation et du voyage \u00e9questre encadrent cette randonn\u00e9e \u00e9questre ado \u00c9QUILibre<sup>\u00ae<\/sup> dans les Pyr\u00e9n\u00e9es.&#8212;&#8212;* \u00c9QUILibre\u00ae a d\u00e9cid\u00e9 de pratiquer un tarif tr\u00e8s accessible pour que le maximum de jeunes ait acc\u00e8s \u00e0 cette merveilleuse randonn\u00e9e dans les Pyr\u00e9n\u00e9es.<\/p><\/li>\t<\/ul>\n\t\t\t\t\t\t\t\t\t\t1 au 6 ao\u00fbt 2026\t\t\t\t\t\t\t\t\t\n\t\t\t\t\t\t\tDISPO\n\t\t\t\t\t\t\t\t\t<p>Stage r\u00e9serv\u00e9 aux : 12 &#8211; 16 ans<\/p>\t\t\t\t\t\t\t\t\n\t\t\t\t\t\t\tDISPO\n\t\t\t\t\t\t\t\t\t\t15 au 20 ao\u00fbt 2026\t\t\t\t\t\t\t\t\t\n\t\t\t\t\t\t\tDISPO\n\t\t\t\t\t\t\t\t\t<p>Stage r\u00e9serv\u00e9 aux : 12 &#8211; 16 ans<\/p>\n\t\t\t\t\t\t\tDISPO\n\t\t\t<a href=\"#\" target=\"_self\"  aria-label=\"D\u00c9TAILS\">\n\t\t\t\t\t\t\t\tD\u00c9TAILS \n\t\t\t\t\t\t\t<\/a>\n\t\t\t<a href=\"tel:+33468045942\" target=\"_self\"  aria-label=\"NOUS T\u00c9L\u00c9PHONER\">\n\t\t\t\t\t\t\t\tNOUS T\u00c9L\u00c9PHONER\n\t\t\t\t\t\t\t<\/a>\n\t\t<h5>ID hors toile<\/h5>\n\t\tCliquez ici pour modifier les param\u00e8tres &quot;Hors toile&quot;. Ce texte ne sera pas visible sur le frontend.\t\n\t\t\t\t\t\t\t<p>Pour recevoir la doc compl\u00e8te merci d&#8217;\u00e9crire \u00e0<a href=\"mailto:info@equi-libre.fr\"> info@equi-libre.fr<\/a><\/p>\n\t\t<meta itemprop=\"url\" content=\"https:\/\/equi-libre.fr\/wp-content\/uploads\/videos\/rando.mp4\" \/><div style=\"width: 640px;\" class=\"wp-video\"><video class=\"wp-video-shortcode\" id=\"video-325935-1\" width=\"640\" height=\"360\" poster=\"https:\/\/equi-libre.fr\/wp-content\/uploads\/2021\/09\/diapo-video-1600x872-1.jpg\" preload=\"none\" controls=\"controls\"><source type=\"video\/mp4\" src=\"https:\/\/equi-libre.fr\/wp-content\/uploads\/videos\/rando.mp4?_=1\" \/><source type=\"video\/mp4\" src=\"https:\/\/equi-libre.fr\/wp-content\/uploads\/videos\/rando.mp4?_=1\" \/><a href=\"https:\/\/equi-libre.fr\/wp-content\/uploads\/videos\/rando.mp4\">https:\/\/equi-libre.fr\/wp-content\/uploads\/videos\/rando.mp4<\/a><\/video><\/div>\t\n<h2>\n\t\tRANDO\n\t\tDEBUTANTS\n\t\t\t\t<\/h2>\t\n\t<h4>\n\t\t\t\tR\u00e9sum\u00e9\n\t\t\t<\/h4>\n\t<ul>\n\t\t<li>\t\t\t\t\n\t\t<p>D\u00e9couvrir l&#8217;\u00e9quitation d&#8217;ext\u00e9rieur en toute s\u00e9curit\u00e9 gr\u00e2ce \u00e0 un encadrement de professionnels.Une randonn\u00e9e progressive, une mise en confiance assur\u00e9e par des intervenants attentifs et des chevaux calmes et sereins.L&#8217;acquisition se d\u00e9roule a votre rythme et en douceur.<\/p><\/li>\t<\/ul>\n\t\t\t\t\t\t\t\t\t\t8 au 10 juin 2026\t\t\t\t\t\t\t\t\t\n\t\t\t\t\t\t\tDISPO\n\t\t\t\t\t\t\tDISPO\n\t\t\t\t\t\t\t\t\t\t07 au 09 juillet 2026\t\t\t\t\t\t\t\t\t\n\t\t\t\t\t\t\tDISPO\n\t\t\t\t\t\t\tDISPO\n\t\t\t\t\t\t\t\t\t\t11 au 13 ao\u00fbt 2026\t\t\t\t\t\t\t\t\t\n\t\t\t\t\t\t\tDISPO\n\t\t\t\t\t\t\tDISPO\n\t\t\t\t\t\t\t\t\t\t31 au 02 septembre 2026\t\t\t\t\t\t\t\t\t\n\t\t\t\t\t\t\tDISPO\n\t\t\t\t\t\t\tDISPO\n\t\t\t<a href=\"#\" target=\"_self\"  aria-label=\"D\u00c9TAILS\">\n\t\t\t\t\t\t\t\tD\u00c9TAILS \n\t\t\t\t\t\t\t<\/a>\n\t\t\t<a href=\"tel:+33468045942\" target=\"_self\"  aria-label=\"NOUS T\u00c9L\u00c9PHONER\">\n\t\t\t\t\t\t\t\tNOUS T\u00c9L\u00c9PHONER\n\t\t\t\t\t\t\t<\/a>\n\t\t<h5>ID hors toile<\/h5>\n\t\tCliquez ici pour modifier les param\u00e8tres &quot;Hors toile&quot;. Ce texte ne sera pas visible sur le frontend.\t\n\t\t\t\t\t\t\t<p>Pour recevoir la doc compl\u00e8te merci d&#8217;\u00e9crire \u00e0<a href=\"mailto:info@equi-libre.fr\"> info@equi-libre.fr<\/a><\/p>\n<h2>\n\t\tLES\n\t\tTRANSHUMANCES\n\t\t\t\t<\/h2>\t\n\t<p>Il est des aventures qui ne s&#8217;effacent pas. La Transhumance des chevaux d&#8217;EQUILibre\u00ae marque son passage dans nos vies. L&#8217;empreinte est forte, le souvenir intact. Cet exceptionnel voyage s&#8217;incrit dans une d\u00e9marche <a href=\"https:\/\/equi-libre.fr\/eco-responsable\/\">\u00e9co responsable.<\/a><\/p>\n\t<h3>\n\t\t\t\tTRANSHUMANCE DE PRINTEMPS\n\t\t\t<\/h3>\n\t<h4>\n\t\t\t\tR\u00e9sum\u00e9\n\t\t\t<\/h4>\n\t<ul>\n\t\t<li>\t\t\t\t\n\t\t<p>Il est des aventures qui ne s&#8217;effacent pas. La Transhumance des chevaux d&#8217;EQUILibre\u00ae marque son passage dans nos vies. L&#8217;empreinte est forte, le souvenir intact. Impossible d&#8217;oublier ces partenaires, cette complicit\u00e9 dans le mouvement de ce voyage si particulier. Atteindre ce but commun tout en pr\u00e9servant chacun.Le regard sur l&#8217;autre change, l&#8217;essentiel n&#8217;a pas la m\u00eame couleur, il est ailleurs. Ces sont les estives g\u00e9n\u00e9reuses qui nous attendent.<\/p><\/li>\t<\/ul>\n\t\t\t\t\t\t\t\t\t\t16 au 24 mai 2026\t\t\t\t\t\t\t\t\t\n\t\t\tDispo\n\t\t\tDispo\n\t\t\t\t\t\t\t\t\t\t15 au 23 mai 2027\t\t\t\t\t\t\t\t\t\n\t\t\tDispo\n\t\t\tDispo\n\t\t\t<a href=\"#\" target=\"_self\"  aria-label=\"D\u00c9TAILS\">\n\t\t\t\t\t\t\t\tD\u00c9TAILS \n\t\t\t\t\t\t\t<\/a>\n\t\t\t<a href=\"tel:+33468045942\" target=\"_self\"  aria-label=\"NOUS T\u00c9L\u00c9PHONER\">\n\t\t\t\t\t\t\t\tNOUS T\u00c9L\u00c9PHONER\n\t\t\t\t\t\t\t<\/a>\n\t\t<h5>ID hors toile<\/h5>\n\t\tCliquez ici pour modifier les param\u00e8tres &quot;Hors toile&quot;. Ce texte ne sera pas visible sur le frontend.\t\n\t\t\t\t\t\t\t<h3>PROGRAMME &amp; INFOS<\/h3>\n<p>Des p\u00e2turages des contreforts audois aux estives nourrici\u00e8res, durant cette Transhumance nous allons parcourir, au rythme des chevaux libres, les collines de Mirepoix \u00e0 Qu\u00e9rigut en passant par le plateau de Sault avec le surplomb vertigineux des gorges de l&#8217;Aude. Nous arrivons \u00e0 cheval sur le Capcir pour faire halte dans la vall\u00e9e du Galbe \u00e0 Espousouille puis nous gagnerons le site de Font Romeu avant de rejoindre le lendemain le balcon cerdan. Puis de Bena&#8230; Les chevaux et nous, arrivons sur les estives de Coume Pragoune juste avant Porta en vall\u00e9e du Carol. Participez \u00e0 ce qui est plus qu&#8217;une randonn\u00e9e \u00e9questre, une Transhumance, un moment de rencontre tr\u00e8s particulier, une chevauch\u00e9e qui donne des ailes sur les chemins du pays Cathare au Parc Naturel R\u00e9gional des Pyr\u00e9n\u00e9es Catalanes. Vivez une Transhumance, c&#8217;est unique !<\/p>\n<h3>JOUR 1<\/h3>\n<p>Accueil en fin apr\u00e8s-midi \u00e0 Porta. Arriv\u00e9e possible jour 2 avant 10 h. Nuit au g\u00eete EQUILibre\u00ae La Pastorale.<\/p>\n<h3>JOUR 2<\/h3>\n<p>10 h. Transfert dans l&#8217;Aude. Apr\u00e8s midi consacr\u00e9 au choix et \u00e0 l&#8217;essai de votre cheval.<\/p>\n<h3>JOUR 3<\/h3>\n<p>D\u00e9part de la transhumance en matin\u00e9e. Saint Gaud\u00e9ric-Puivert. Nuit au g\u00eete de Puivert.<\/p>\n<h3>JOUR 4<\/h3>\n<p>Puivert Comus. Nuit \u00e0 Comus<\/p>\n<h3>JOUR 5<\/h3>\n<p>Comus Espousouille<\/p>\n<h3>JOUR 6<\/h3>\n<p>Espousouille &#8211; Font Romeu. Nuit \u00e0 Font Romeu<\/p>\n<h3>JOUR 7<\/h3>\n<p>Font Romeu Targasonne Dorres. Nuit \u00e0 Porta<\/p>\n<h3>JOUR 8<\/h3>\n<p>Dorres-Pla de Maura-Coume Pragoune-Porta. Nuit \u00e0 Porta<\/p>\n<h3>JOUR 9<\/h3>\n<p>D\u00e9part en matin\u00e9e. Fin de s\u00e9jour.<\/p>\n<h3>LE S\u00c9JOUR<\/h3>\n<p>Le s\u00e9jour d\u00e9bute l&#8217;apr\u00e8s midi du premier jour pour s&#8217;achever le matin du neuvi\u00e8me jour. Il est organis\u00e9 en g\u00eete. Il convient de ne pas oublier son duvet ainsi que son maillot de bain pour profiter du jacuzzi.<\/p>\n<h3>BAGAGES &amp; INTENDANCE<\/h3>\n<p>Le v\u00e9hicule intendance transporte le ravitaillement ainsi que vos sacs -pas de valises et moins de 15 kg par sac-. Une table est dress\u00e9e chaque midi sous une structure en toile.<\/p>\n<h3>OPTIONS<\/h3>\n<p>Il est possible d&#8217;arriver le jour 2 imp\u00e9rativement avant 10h<br \/>L&#8217;accueil en gare de Port\u00e9 Puymorens ou \u00e0 l&#8217;arriv\u00e9e du bus \u00e0 1 \u20ac de Perpignan \u00e0 Porta est pr\u00e9vu.<\/p>\n<h3>LE PRIX<\/h3>\n<p>Il comprend : l&#8217;encadrement, la mise \u00e0 disposition de votre monture \u00e9quip\u00e9e, l&#8217;h\u00e9bergement, les repas et boissons durant le s\u00e9jour.<\/p>\n<h3>INFORMATIONS &#8211; INSCRIPTIONS<\/h3>\n<p>Sur simple demande un dossier complet d&#8217;inscription vous est adress\u00e9. Nous restons \u00e0 votre \u00e9coute pour plus de renseignements sur la Transhumance de Printemps. Le succ\u00e8s particulier des Transhumances EQUILibre\u00ae ne se d\u00e9mentant pas et le nombre de places \u00e9tant volontairement limit\u00e9, il est conseill\u00e9 de r\u00e9server sa place.<\/p>\n\t\t<iframe loading=\"lazy\" title=\"Transhumance Chevaux Parc Naturel Pyr\u00e9n\u00e9es Catalanes Languedoc Roussillon\" width=\"500\" height=\"281\" src=\"https:\/\/www.youtube.com\/embed\/2eLfHHD5fxQ?feature=oembed\" frameborder=\"0\" allow=\"accelerometer; autoplay; clipboard-write; encrypted-media; gyroscope; picture-in-picture; web-share\" referrerpolicy=\"strict-origin-when-cross-origin\" allowfullscreen><\/iframe>\t\n\t<h3>\n\t\t\t\tTRANSHUMANCE D&#8217;AUTOMNE\n\t\t\t<\/h3>\n\t<h4>\n\t\t\t\tR\u00e9sum\u00e9\n\t\t\t<\/h4>\n\t<ul>\n\t\t<li>\t\t\t\t\n\t\t<p>Il est des aventures qui nourrissent la passion. La Transhumance des chevaux d&#8217;EQUILibre\u00ae en fait partie. Elle r\u00e9unit chaque ann\u00e9e des cavaliers t\u00e9m\u00e9raires qui vont vivre une semaine unique en compagnie des chevaux sans fers et sans reproche.<\/p>\n<\/li>\t<\/ul>\n\t\t\t\t\t\t\t\t\t\t13 au 19 d\u00e9cembre 2025\t\t\t\t\t\t\t\t\t\n\t\t\tCOMPLET\n\t\t\tCOMPLET\n\t\t\t\t\t\t\t\t\t\t12 au 18 d\u00e9cembre 2026\t\t\t\t\t\t\t\t\t\n\t\t\tDISPO\n\t\t\tDISPO\n\t\t\t\t\t\t\t\t\t\t11 au 17 d\u00e9cembre 2027\t\t\t\t\t\t\t\t\t\n\t\t\tDISPO\n\t\t\tDISPO\n\t\t\t<a href=\"#\" target=\"_self\"  aria-label=\"D\u00c9TAILS\">\n\t\t\t\t\t\t\t\tD\u00c9TAILS \n\t\t\t\t\t\t\t<\/a>\n\t\t\t<a href=\"tel:+33468045942\" target=\"_self\"  aria-label=\"NOUS T\u00c9L\u00c9PHONER\">\n\t\t\t\t\t\t\t\tNOUS T\u00c9L\u00c9PHONER\n\t\t\t\t\t\t\t<\/a>\n\t\t<h5>ID hors toile<\/h5>\n\t\tCliquez ici pour modifier les param\u00e8tres &quot;Hors toile&quot;. Ce texte ne sera pas visible sur le frontend.\t\n\t\t\t\t\t\t\t<h3>PROGRAMME &amp; INFOS<\/h3>\n<p>Il est des aventures qui nourrissent la passion. La Transhumance des chevaux d&#8217;EQUILibre\u00ae en fait partie. Elle r\u00e9unit chaque ann\u00e9e des cavaliers t\u00e9m\u00e9raires qui vont vivre une semaine unique en compagnie des chevaux sans fers et sans reproche. Prendre la piste au rythme de la troupe, retrouver cette jeunesse qui forme les voyages, oublier le quotidien, vivre l&#8217;instant nomade.<\/p>\n<p>La Transhumance EQUILibre\u00ae Pyr\u00e9n\u00e9es, une chevauch\u00e9e de la Vall\u00e9e du Carol en Pyr\u00e9n\u00e9es Catalanes aux collines de l&#8217;Aude en passant par Merens en ARI\u00c8GE. La Transhumance, une randonn\u00e9e \u00e9questre unique !<\/p>\n<p>Durant cette transhumance des chevaux, cette chevauch\u00e9e qui donne des ailes, d\u00e9couvrez une \u00e9quitation nouvelle, sans fers et sans mors, en harmonie avec l&#8217;amour du cheval.<\/p>\n<h3>JOUR 1<\/h3>\n<p>Accueil en fin apr\u00e8s-midi \u00e0 Porta. Arriv\u00e9e possible jour 2 avant 10 h. Nuit au g\u00eete EQUILibre\u00ae La Pastorale.<\/p>\n<h3>JOUR 2<\/h3>\n<p>Choix et essai du cheval mont\u00e9. Participation pr\u00e9paration troupeau. Nuit au g\u00eete la Pastorale Porta<\/p>\n<h3>JOUR 3<\/h3>\n<p>D\u00e9part Transhumance en matin\u00e9e. Porta-Port\u00e9 Puymorens-Merens. Transfert Merens-Porta. Nuit \u00e0 La Pastorale Porta.<\/p>\n<h3>JOUR 4<\/h3>\n<p>Merens-Ax les thermes-col du Chioula-Comus.<br \/>Nuit au g\u00eete de Comus.<\/p>\n<h3>JOUR 5<\/h3>\n<p>Comus-Puivert. Nuit au g\u00eete de Puivert.<\/p>\n<h3>JOUR 6<\/h3>\n<p>Puivert-Denis. Transfert Denis-Porta. Nuit au g\u00eete La Pastorale.<\/p>\n<h3>JOUR 7<\/h3>\n<p>D\u00e9part en matin\u00e9e.<br \/>Le s\u00e9jour d\u00e9bute l&#8217;apr\u00e8s midi du premier jour pour s&#8217;achever le matin du septi\u00e8me jour. Il est organis\u00e9 en g\u00eete. Il convient de ne pas oublier son duvet ainsi que son maillot de bain pour profiter du jacuzzi.<\/p>\n<h3>BAGAGES &amp; INTENDANCE<\/h3>\n<p>Le v\u00e9hicule intendance transporte le ravitaillement ainsi que vos sacs &#8211; pas de valises et moins de 15 kg par sac -. Une table est dress\u00e9e chaque midi sous un store.<\/p>\n<h3>OPTIONS<\/h3>\n<p>Il est possible d&#8217;arriver le jour 2 imp\u00e9rativement avant 10h<br \/>L&#8217;accueil en gare de Port\u00e9 Puymorens ou \u00e0 l&#8217;arriv\u00e9e du bus \u00e0 1 \u20ac de Perpignan est pr\u00e9vu.<\/p>\n<h3>INFORMATIONS &#8211; INSCRIPTIONS<\/h3>\n<p>Sur simple demande un dossier complet d&#8217;inscription vous est adress\u00e9.<br \/>Nous restons \u00e0 votre \u00e9coute pour plus de renseignements sur La transhumance d&#8217;Automne.<br \/>Le succ\u00e8s particulier des transhumances EQUILibre\u00ae ne se d\u00e9mentant pas et le nombre de places \u00e9tant volontairement limit\u00e9, il est conseill\u00e9 de r\u00e9server sa place.<\/p>\n\t\t<iframe loading=\"lazy\" title=\"Transhumance Sabots libres Pierre ENOFF\" width=\"500\" height=\"281\" src=\"https:\/\/www.youtube.com\/embed\/H0kj5IIGGzs?feature=oembed\" frameborder=\"0\" allow=\"accelerometer; autoplay; clipboard-write; encrypted-media; gyroscope; picture-in-picture; web-share\" referrerpolicy=\"strict-origin-when-cross-origin\" allowfullscreen><\/iframe>\t\n<h2>\n\t\tLES SEJOURS\n\t\tDOUCEUR\n\t\t\t\t<\/h2>\t\n\t<h3>\n\t\t\t\tYoga &amp; Balade \u00e0 cheval\n\t\t\t<\/h3>\n\t<h4>\n\t\t\t\tR\u00e9sum\u00e9\n\t\t\t<\/h4>\n\t<ul>\n\t\t<li>\t\t\t\t\n\t\t<p>Trois jours pour se reconnecter \u00e0 l&#8217;essentiel : La nature, le cheval et soi-m\u00eame.Une paranth\u00e8se hors du temps pour retrouver l&#8217;harmonie entre le mouvement de son corps et celui du vivant qui nous entoure.<\/p><\/li>\t<\/ul>\n\t\t\t\t\t\t\t\t\t\t24 au 26 juin 2026\t\t\t\t\t\t\t\t\t\n\t\t\tDISPO\n\t\t\tDISPO\n\t\t\t\t\t\t\t\t\t\t27 au 29 juin 2026\t\t\t\t\t\t\t\t\t\n\t\t\tDISPO\n\t\t\tDISPO\n\t\t\t\t\t\t\t\t\t\t28 au 30 juillet 2026\t\t\t\t\t\t\t\t\t\n\t\t\tDISPO\n\t\t\tDISPO\n\t\t\t\t\t\t\t\t\t\t28 au 30 ao\u00fbt 2026\t\t\t\t\t\t\t\t\t\n\t\t\tDISPO\n\t\t\tDISPO\n\t\t\t<a href=\"#\" target=\"_self\"  aria-label=\"D\u00c9TAILS\">\n\t\t\t\t\t\t\t\tD\u00c9TAILS \n\t\t\t\t\t\t\t<\/a>\n\t\t\t<a href=\"tel:+33468045942\" target=\"_self\"  aria-label=\"NOUS T\u00c9L\u00c9PHONER\">\n\t\t\t\t\t\t\t\tNOUS T\u00c9L\u00c9PHONER\n\t\t\t\t\t\t\t<\/a>\n\t\t<h5>ID hors toile<\/h5>\n\t\tCliquez ici pour modifier les param\u00e8tres &quot;Hors toile&quot;. Ce texte ne sera pas visible sur le frontend.\t\n\t\t\t\t\t\t\t<p>Dans la vall\u00e9e sauvage du Campcard\u00f3s, \u00e0 la fronti\u00e8re de l&#8217;Andorre, les chevaux vivent en semilibert\u00e9, respirent la montagne et nous apprennent la lenteur, la pr\u00e9sence et la confiance.<br \/>Cette retraite m\u00eale la puissance du cheval et la douceur du yoga pour une exp\u00e9rience unique, entre aventure et recentrage int\u00e9rieur.<br \/>Chevauch\u00e9es paisibles, bivouac sous les \u00e9toiles, yoga au lever du soleil&#8230;<\/p>\n<p><strong>Pour recevoir la doc compl\u00e8te merci d&#8217;\u00e9crire \u00e0 <a href=\"mailto:info@equi-libre.fr\">info@equi-libre.fr<\/a><\/strong><\/p>\n\t<h3>\n\t\t\t\tAquarelle &amp; Balade \u00e0 cheval\n\t\t\t<\/h3>\n\t<h4>\n\t\t\t\tR\u00e9sum\u00e9\n\t\t\t<\/h4>\n\t<ul>\n\t\t<li>\t\t\t\t\n\t\t<p>Peindre ce que la montagne nous inspire au rythme lent des chevaux coiff\u00e9s par le vent.Ralentir, respirer et coucher sur le papier la beaut\u00e9 de la nature&#8230;<\/p><\/li>\t<\/ul>\n\t\t\t\t\t\t\t\t\t\t05 au 07 juin 2026\t\t\t\t\t\t\t\t\t\n\t\t\tDISPO\n\t\t\tDISPO\n\t\t\t\t\t\t\t\t\t\t09 au 11 octobre 2026\t\t\t\t\t\t\t\t\t\n\t\t\tDISPO\n\t\t\tDISPO\n\t\t\t<a href=\"#\" target=\"_self\"  aria-label=\"D\u00c9TAILS\">\n\t\t\t\t\t\t\t\tD\u00c9TAILS \n\t\t\t\t\t\t\t<\/a>\n\t\t\t<a href=\"tel:+33468045942\" target=\"_self\"  aria-label=\"NOUS T\u00c9L\u00c9PHONER\">\n\t\t\t\t\t\t\t\tNOUS T\u00c9L\u00c9PHONER\n\t\t\t\t\t\t\t<\/a>\n\t\t<h5>ID hors toile<\/h5>\n\t\tCliquez ici pour modifier les param\u00e8tres &quot;Hors toile&quot;. Ce texte ne sera pas visible sur le frontend.\t\n\t\t\t\t\t\t\t<p>L&#8217;EXP\u00c9RIENCE<\/p>\n<p>Pendant trois jours, alternez dessin, aquarelle, observation et balades \u00e0 cheval.<\/p>\n<p>Chaque journ\u00e9e est une exploration : du regard, du geste et du lien au vivant.<\/p>\n<p>Un voyage doux, o\u00f9 l&#8217;on apprend \u00e0 voir autrement et \u00e0 laisser la nature guider la main.<\/p>\n<p>Balades \u00e0 cheval paisibles dans la montagne, au pas, pour s&#8217;impr\u00e9gner des paysages.<\/p>\n<p>Cours d&#8217;aquarelle en plein air : lumi\u00e8re, mouvement, composition.<\/p>\n<p>Observation et dessin du troupeau dans son milieu naturel.<\/p>\n<p>Cr\u00e9ation d&#8217;un carnet personnel de voyage artistique.<\/p>\n<p>Moments de d\u00e9tente, jacuzzi et repas conviviaux le soir.<\/p>\n<p>Carnet et mat\u00e9riel de base fournis (possibilit\u00e9 d&#8217;apporter le v\u00f4tre).<\/p>\n<p><strong>Pour recevoir la doc compl\u00e8te merci d&#8217;\u00e9crire \u00e0 <a href=\"mailto:info@equi-libre.fr\">info@equi-libre.fr<\/a><\/strong><\/p>\n\t<h3>\n\t\t\t\tEthologie &amp; Observation\n\t\t\t<\/h3>\n\t<h4>\n\t\t\t\tR\u00e9sum\u00e9\n\t\t\t<\/h4>\n\t<ul>\n\t\t<li>\t\t\t\t\n\t\t<p>Observer, d\u00e9couvrir les chevaux parcourant un espace ouvert de plus de mille hectares&#8230;<\/p><\/li>\t<\/ul>\n\t\t\t\t\t\t\t\t\t\t29 au 31 mai 2026\t\t\t\t\t\t\t\t\t\n\t\t\tDISPO\n\t\t\tDISPO\n\t\t\t\t\t\t\t\t\t\t13 au 15 novembre 2026\t\t\t\t\t\t\t\t\t\n\t\t\tDISPO\n\t\t\tDISPO\n\t\t\t<a href=\"#\" target=\"_self\"  aria-label=\"D\u00c9TAILS\">\n\t\t\t\t\t\t\t\tD\u00c9TAILS \n\t\t\t\t\t\t\t<\/a>\n\t\t\t<a href=\"tel:+33468045942\" target=\"_self\"  aria-label=\"NOUS T\u00c9L\u00c9PHONER\">\n\t\t\t\t\t\t\t\tNOUS T\u00c9L\u00c9PHONER\n\t\t\t\t\t\t\t<\/a>\n\t\t<h5>ID hors toile<\/h5>\n\t\tCliquez ici pour modifier les param\u00e8tres &quot;Hors toile&quot;. Ce texte ne sera pas visible sur le frontend.\t\n\t\t\t\t\t\t\t<p>\u00a0<\/p>\n<p><strong>Pour recevoir la doc compl\u00e8te merci d&#8217;\u00e9crire \u00e0 <a href=\"mailto:info@equi-libre.fr\">info@equi-libre.fr<\/a><\/strong><\/p>\n\t<h3>\n\t\t\t\tStage pieds nus\n\t\t\t<\/h3>\n\t<h4>\n\t\t\t\tR\u00e9sum\u00e9\n\t\t\t<\/h4>\n\t<ul>\n\t\t<li>\t\t\t\t\n\t\t<p>Apprendre et devenir ind\u00e9pendant pour entretenir correctement les sabots des chevaux et des \u00e2nes.<\/p><\/li>\t<\/ul>\n\t\t\t\t\t\t\t\t\t\t12 au 13 juin 2026\t\t\t\t\t\t\t\t\t\n\t\t\tDISPO\n\t\t\tDISPO\n\t\t\t\t\t\t\t\t\t\t06 au 07 novembre 2026\t\t\t\t\t\t\t\t\t\n\t\t\tDISPO\n\t\t\tDISPO\n\t\t\t<a href=\"#\" target=\"_self\"  aria-label=\"D\u00c9TAILS\">\n\t\t\t\t\t\t\t\tD\u00c9TAILS \n\t\t\t\t\t\t\t<\/a>\n\t\t\t<a href=\"tel:+33468045942\" target=\"_self\"  aria-label=\"NOUS T\u00c9L\u00c9PHONER\">\n\t\t\t\t\t\t\t\tNOUS T\u00c9L\u00c9PHONER\n\t\t\t\t\t\t\t<\/a>\n\t\t<h5>ID hors toile<\/h5>\n\t\tCliquez ici pour modifier les param\u00e8tres &quot;Hors toile&quot;. Ce texte ne sera pas visible sur le frontend.\t\n\t\t\t\t\t\t\t<p>\u00a0<\/p>\n<p><strong>Pour recevoir la doc compl\u00e8te merci d&#8217;\u00e9crire \u00e0 <a href=\"mailto:info@equi-libre.fr\">info@equi-libre.fr<\/a><\/strong><\/p>\n\n","protected":false},"excerpt":{"rendered":"<p>S\u00c9JOURS \u00c0 CHEVAL l&#8217;aventure se mesure \u00e0 l&#8217;aune de nos r\u00eaves LES ESCAPADES PYR\u00c9N\u00c9ENNES Voyagez en compagnie de chevaux partenaires que nous respectons, donc sans fers et sans mors, en [&hellip;]<\/p>\n","protected":false},"author":4,"featured_media":0,"parent":0,"menu_order":0,"comment_status":"closed","ping_status":"closed","template":"","meta":{"site-sidebar-layout":"default","site-content-layout":"page-builder","ast-site-content-layout":"full-width-container","site-content-style":"unboxed","site-sidebar-style":"unboxed","ast-global-header-display":"","ast-banner-title-visibility":"","ast-main-header-display":"","ast-hfb-above-header-display":"","ast-hfb-below-header-display":"","ast-hfb-mobile-header-display":"","site-post-title":"disabled","ast-breadcrumbs-content":"","ast-featured-img":"","footer-sml-layout":"","ast-disable-related-posts":"","theme-transparent-header-meta":"default","adv-header-id-meta":"","stick-header-meta":"enabled","header-above-stick-meta":"","header-main-stick-meta":"on","header-below-stick-meta":"","astra-migrate-meta-layouts":"set","ast-page-background-enabled":"default","ast-page-background-meta":{"desktop":{"background-color":"","background-image":"","background-repeat":"repeat","background-position":"center center","background-size":"auto","background-attachment":"scroll","background-type":"","background-media":"","overlay-type":"","overlay-color":"","overlay-opacity":"","overlay-gradient":""},"tablet":{"background-color":"","background-image":"","background-repeat":"repeat","background-position":"center center","background-size":"auto","background-attachment":"scroll","background-type":"","background-media":"","overlay-type":"","overlay-color":"","overlay-opacity":"","overlay-gradient":""},"mobile":{"background-color":"","background-image":"","background-repeat":"repeat","background-position":"center center","background-size":"auto","background-attachment":"scroll","background-type":"","background-media":"","overlay-type":"","overlay-color":"","overlay-opacity":"","overlay-gradient":""}},"ast-content-background-meta":{"desktop":{"background-color":"var(--ast-global-color-5)","background-image":"","background-repeat":"repeat","background-position":"center center","background-size":"auto","background-attachment":"scroll","background-type":"","background-media":"","overlay-type":"","overlay-color":"","overlay-opacity":"","overlay-gradient":""},"tablet":{"background-color":"var(--ast-global-color-5)","background-image":"","background-repeat":"repeat","background-position":"center center","background-size":"auto","background-attachment":"scroll","background-type":"","background-media":"","overlay-type":"","overlay-color":"","overlay-opacity":"","overlay-gradient":""},"mobile":{"background-color":"var(--ast-global-color-5)","background-image":"","background-repeat":"repeat","background-position":"center center","background-size":"auto","background-attachment":"scroll","background-type":"","background-media":"","overlay-type":"","overlay-color":"","overlay-opacity":"","overlay-gradient":""}},"footnotes":""},"categories":[],"tags":[],"class_list":["post-325935","page","type-page","status-publish","hentry"],"aioseo_notices":[],"_links":{"self":[{"href":"https:\/\/equi-libre.fr\/en\/wp-json\/wp\/v2\/pages\/325935","targetHints":{"allow":["GET"]}}],"collection":[{"href":"https:\/\/equi-libre.fr\/en\/wp-json\/wp\/v2\/pages"}],"about":[{"href":"https:\/\/equi-libre.fr\/en\/wp-json\/wp\/v2\/types\/page"}],"author":[{"embeddable":true,"href":"https:\/\/equi-libre.fr\/en\/wp-json\/wp\/v2\/users\/4"}],"replies":[{"embeddable":true,"href":"https:\/\/equi-libre.fr\/en\/wp-json\/wp\/v2\/comments?post=325935"}],"version-history":[{"count":3,"href":"https:\/\/equi-libre.fr\/en\/wp-json\/wp\/v2\/pages\/325935\/revisions"}],"predecessor-version":[{"id":328324,"href":"https:\/\/equi-libre.fr\/en\/wp-json\/wp\/v2\/pages\/325935\/revisions\/328324"}],"wp:attachment":[{"href":"https:\/\/equi-libre.fr\/en\/wp-json\/wp\/v2\/media?parent=325935"}],"wp:term":[{"taxonomy":"category","embeddable":true,"href":"https:\/\/equi-libre.fr\/en\/wp-json\/wp\/v2\/categories?post=325935"},{"taxonomy":"post_tag","embeddable":true,"href":"https:\/\/equi-libre.fr\/en\/wp-json\/wp\/v2\/tags?post=325935"}],"curies":[{"name":"wp","href":"https:\/\/api.w.org\/{rel}","templated":true}]}}